{"id":1324,"date":"2024-06-19T15:26:11","date_gmt":"2024-06-19T15:26:11","guid":{"rendered":"https:\/\/www.alsane.es\/frusema\/about\/"},"modified":"2024-11-13T18:23:41","modified_gmt":"2024-11-13T18:23:41","slug":"frusema","status":"publish","type":"page","link":"https:\/\/www.alsane.es\/frusema\/frusema\/","title":{"rendered":"Empresa"},"content":{"rendered":"\n<div class=\"wp-block-uagb-container uagb-block-93b94c88 alignfull uagb-is-root-container\"><div class=\"uagb-container-inner-blocks-wrap\">\n<div class=\"wp-block-uagb-advanced-heading uagb-block-8a1eebc0\"><h1 class=\"uagb-heading-text\">Empresa<\/h1><\/div>\n<\/div><\/div>\n\n\n\n<div class=\"wp-block-uagb-container uagb-block-f8ec2bd3 alignfull uagb-is-root-container\"><div class=\"uagb-container-inner-blocks-wrap\">\n<div class=\"wp-block-uagb-advanced-heading uagb-block-e874992d\"><h4 class=\"uagb-heading-text\">Somos una empresa familiar especializada en el tratamiento de la almendra.<\/h4><\/div>\n\n\n\n<div class=\"wp-block-uagb-image aligncenter uagb-block-2d710799 wp-block-uagb-image--layout-default wp-block-uagb-image--effect-static wp-block-uagb-image--align-center\"><figure class=\"wp-block-uagb-image__figure\"><img decoding=\"async\" srcset=\"https:\/\/www.alsane.es\/frusema\/wp-content\/uploads\/2024\/10\/FrutosSecos_WEB-185_2.jpg ,https:\/\/www.alsane.es\/frusema\/wp-content\/uploads\/2024\/10\/FrutosSecos_WEB-185_2.jpg 780w, https:\/\/www.alsane.es\/frusema\/wp-content\/uploads\/2024\/10\/FrutosSecos_WEB-185_2.jpg 360w\" sizes=\"auto, (max-width: 480px) 150px\" src=\"https:\/\/www.alsane.es\/frusema\/wp-content\/uploads\/2024\/10\/FrutosSecos_WEB-185_2.jpg\" alt=\"\" class=\"uag-image-2499\" width=\"900\" height=\"500\" title=\"FrutosSecos_WEB-185_2\" loading=\"lazy\" role=\"img\"\/><\/figure><\/div>\n\n\n\n<div class=\"wp-block-uagb-container uagb-block-72514f6d\">\n<div class=\"wp-block-uagb-advanced-heading uagb-block-b317ae0b\"><h3 class=\"uagb-heading-text\"><strong>Nuestra misi\u00f3n<\/strong><\/h3><p class=\"uagb-desc-text\">FRUTOS SECOS DEL MAESTRAZGO, S.A. es una empresa familiar situada en Alboc\u00e0sser, provincia de Castell\u00f3n. Nuestra misi\u00f3n es producir y comercializar almendras de la m\u00e1s alta calidad, manteniendo un firme compromiso con la sostenibilidad y la innovaci\u00f3n. Aspiramos a convertirnos en un referente en la industria de los frutos secos, contribuyendo tanto al bienestar de nuestros consumidores como al desarrollo de nuestra comunidad agr\u00edcola.<\/p><\/div>\n\n\n\n<div class=\"wp-block-uagb-advanced-heading uagb-block-3b00767d\"><h3 class=\"uagb-heading-text\"><strong>Valores<\/strong><\/h3><p class=\"uagb-desc-text\">Desde nuestros inicios, la filosof\u00eda de FRUSEMA ha sido y es dar servicio de cercan\u00eda al agricultor, as\u00ed como ofrecer a nuestros clientes productos de calidad a precios competitivos. Apostando por un sistema de calidad basado en la profesionalidad y compromiso de las personas.<\/p><\/div>\n<\/div>\n<\/div><\/div>\n\n\n\n<div class=\"wp-block-uagb-container uagb-block-xoq1pch6 alignfull uagb-is-root-container\"><div class=\"uagb-container-inner-blocks-wrap\">\n<div class=\"wp-block-uagb-info-box uagb-block-k2g7khzi uagb-infobox__content-wrap  uagb-infobox-icon-above-title uagb-infobox-image-valign-top\"><div class=\"uagb-ifb-content\"><div class=\"uagb-ifb-title-wrap\"><h2 class=\"uagb-ifb-title\">Certificados<\/h2><\/div><\/div><\/div>\n\n\n\n<div class=\"wp-block-uagb-container uagb-block-deeyhj0n\">\n<div class=\"wp-block-uagb-container uagb-block-edijsmn4\">\n<div class=\"wp-block-uagb-image alignleft uagb-block-jhpykxma wp-block-uagb-image--layout-default wp-block-uagb-image--effect-static wp-block-uagb-image--align-left\"><figure class=\"wp-block-uagb-image__figure\"><img decoding=\"async\" srcset=\"https:\/\/www.alsane.es\/frusema\/wp-content\/uploads\/2024\/08\/IFS-300x178.jpg ,https:\/\/www.alsane.es\/frusema\/wp-content\/uploads\/2024\/08\/IFS.jpg 780w, https:\/\/www.alsane.es\/frusema\/wp-content\/uploads\/2024\/08\/IFS.jpg 360w\" sizes=\"auto, (max-width: 480px) 150px\" src=\"https:\/\/www.alsane.es\/frusema\/wp-content\/uploads\/2024\/08\/IFS-300x178.jpg\" alt=\"\" class=\"uag-image-2398\" width=\"300\" height=\"220\" title=\"IFS\" loading=\"lazy\" role=\"img\"\/><\/figure><\/div>\n\n\n\n<div class=\"wp-block-uagb-info-box uagb-block-mohzws1i uagb-infobox__content-wrap  uagb-infobox-icon-above-title uagb-infobox-image-valign-top\"><div class=\"uagb-ifb-content\"><div class=\"uagb-ifb-title-wrap\"><h3 class=\"uagb-ifb-title\">Certificado IFS Food Version 8<\/h3><\/div><p class=\"uagb-ifb-desc\">Contamos con la certificaci\u00f3n IFS de alimentos, un est\u00e1ndar reconocido internacionalmente que asegura el cumplimiento de estrictas normas de seguridad y calidad en nuestros procesos de producci\u00f3n. <\/p><\/div><\/div>\n<\/div>\n\n\n\n<div class=\"wp-block-uagb-container uagb-block-luyxbh2t\">\n<div class=\"wp-block-uagb-image alignleft uagb-block-bvgwnxr2 wp-block-uagb-image--layout-default wp-block-uagb-image--effect-static wp-block-uagb-image--align-left\"><figure class=\"wp-block-uagb-image__figure\"><img decoding=\"async\" srcset=\"https:\/\/www.alsane.es\/frusema\/wp-content\/uploads\/2024\/08\/ECO_lOGO.png ,https:\/\/www.alsane.es\/frusema\/wp-content\/uploads\/2024\/08\/ECO_lOGO.png 780w, https:\/\/www.alsane.es\/frusema\/wp-content\/uploads\/2024\/08\/ECO_lOGO.png 360w\" sizes=\"auto, (max-width: 480px) 150px\" src=\"https:\/\/www.alsane.es\/frusema\/wp-content\/uploads\/2024\/08\/ECO_lOGO.png\" alt=\"\" class=\"uag-image-2399\" width=\"300\" height=\"220\" title=\"ECO_lOGO\" loading=\"lazy\" role=\"img\"\/><\/figure><\/div>\n\n\n\n<div class=\"wp-block-uagb-info-box uagb-block-uqiszq9q uagb-infobox__content-wrap  uagb-infobox-icon-above-title uagb-infobox-image-valign-top\"><div class=\"uagb-ifb-content\"><div class=\"uagb-ifb-title-wrap\"><h3 class=\"uagb-ifb-title\">Certificado de operador Ecol\u00f3gico. C\u00f3digo auton\u00f3mico de control: ES-ECO-<br>020-CV \/ C\u00f3digo Operador CAECV: CV4008E<\/h3><\/div><p class=\"uagb-ifb-desc\">Contamos con el certificado ecol\u00f3gico de la Uni\u00f3n Europea, que garantiza que nuestros productos se han cultivado y procesado de manera sostenible, cumpliendo con los m\u00e1s altos est\u00e1ndares de calidad y respeto al medio ambiente. Este sello es una prueba de nuestro compromiso con la producci\u00f3n ecol\u00f3gica y la protecci\u00f3n de la salud de nuestros consumidores.<\/p><\/div><\/div>\n<\/div>\n\n\n\n<div class=\"wp-block-uagb-container uagb-block-fxir1aek\">\n<div class=\"wp-block-uagb-image aligncenter uagb-block-tafk1dtg wp-block-uagb-image--layout-default wp-block-uagb-image--effect-static wp-block-uagb-image--align-center alignleft\"><figure class=\"wp-block-uagb-image__figure\"><img decoding=\"async\" srcset=\"https:\/\/www.alsane.es\/frusema\/wp-content\/uploads\/2024\/08\/Kosher_icon-1-300x300-1.png ,https:\/\/www.alsane.es\/frusema\/wp-content\/uploads\/2024\/08\/Kosher_icon-1-300x300-1.png 780w, https:\/\/www.alsane.es\/frusema\/wp-content\/uploads\/2024\/08\/Kosher_icon-1-300x300-1.png 360w\" sizes=\"auto, (max-width: 480px) 150px\" src=\"https:\/\/www.alsane.es\/frusema\/wp-content\/uploads\/2024\/08\/Kosher_icon-1-300x300-1.png\" alt=\"\" class=\"uag-image-2401\" width=\"300\" height=\"220\" title=\"Kosher_icon-1-300x300\" loading=\"lazy\" role=\"img\"\/><\/figure><\/div>\n\n\n\n<div class=\"wp-block-uagb-info-box uagb-block-pwpa4r6s uagb-infobox__content-wrap  uagb-infobox-icon-above-title uagb-infobox-image-valign-top\"><div class=\"uagb-ifb-content\"><div class=\"uagb-ifb-title-wrap\"><h3 class=\"uagb-ifb-title\">Certificado Kosher<\/h3><\/div><p class=\"uagb-ifb-desc\">Este certificado respalda nuestro compromiso con la calidad y el cumplimiento de los m\u00e1s altos est\u00e1ndares de pureza y cuidado en la elaboraci\u00f3n de nuestros productos, asegurando que cumplan con las estrictas normas diet\u00e9ticas Kosher.<\/p><\/div><\/div>\n<\/div>\n<\/div>\n<\/div><\/div>\n\n\n\n<div class=\"wp-block-uagb-container uagb-block-61e8ac2a alignfull uagb-is-root-container\"><div class=\"uagb-container-inner-blocks-wrap\">\n<div class=\"wp-block-uagb-image aligncenter uagb-block-052b1f4c wp-block-uagb-image--layout-default wp-block-uagb-image--effect-static wp-block-uagb-image--align-center\"><figure class=\"wp-block-uagb-image__figure\"><img decoding=\"async\" srcset=\"https:\/\/www.alsane.es\/frusema\/wp-content\/uploads\/2021\/11\/quotes.svg ,https:\/\/www.alsane.es\/frusema\/wp-content\/uploads\/2021\/11\/quotes.svg 780w, https:\/\/www.alsane.es\/frusema\/wp-content\/uploads\/2021\/11\/quotes.svg 360w\" sizes=\"auto, (max-width: 480px) 150px\" src=\"https:\/\/www.alsane.es\/frusema\/wp-content\/uploads\/2021\/11\/quotes.svg\" alt=\"\" class=\"uag-image-117\" width=\"37\" height=\"38\" title=\"quotes\" loading=\"lazy\" role=\"img\"\/><\/figure><\/div>\n\n\n\n<div class=\"wp-block-uagb-info-box uagb-block-54aaf525 uagb-infobox__content-wrap  uagb-infobox-icon-below-title uagb-infobox-image-valign-top\"><div class=\"uagb-ifb-content\"><div class=\"uagb-ifb-title-wrap\"><h4 class=\"uagb-ifb-title\">\u201cCon el objetivo de ser m\u00e1s respetuosos con el medioambiente y acercarnos a la autosuficiencia energ\u00e9tica, desde Frutos Secos del Maestrazgo, hemos realizado una instalaci\u00f3n de placas fotovoltaicas de 401,5 Kw.<br><br>La inversion ha ascendido a 263.774,18\u20ac dotados con unos fondos next generation de la Uni\u00f3n Europea de 79.132 , 25\u20ac .&#8221;<\/h4><\/div><div class=\"uagb-ifb-image-content\"><img decoding=\"async\" src=\"https:\/\/www.alsane.es\/frusema\/wp-content\/uploads\/2024\/10\/IMG_0312-150x150.jpg\" alt=\"\" width=\"60\" height=\"60\" loading=\"lazy\"\/><\/div><p class=\"uagb-ifb-desc\">Ruben Adell<\/p><\/div><\/div>\n<\/div><\/div>\n\n\n\n<figure class=\"wp-block-image alignfull size-full\"><img loading=\"lazy\" decoding=\"async\" width=\"1627\" height=\"96\" src=\"https:\/\/www.alsane.es\/frusema\/wp-content\/uploads\/2024\/08\/Subvens.jpg\" alt=\"\" class=\"wp-image-2408\" srcset=\"https:\/\/www.alsane.es\/frusema\/wp-content\/uploads\/2024\/08\/Subvens.jpg 1627w, https:\/\/www.alsane.es\/frusema\/wp-content\/uploads\/2024\/08\/Subvens-300x18.jpg 300w, https:\/\/www.alsane.es\/frusema\/wp-content\/uploads\/2024\/08\/Subvens-1024x60.jpg 1024w, https:\/\/www.alsane.es\/frusema\/wp-content\/uploads\/2024\/08\/Subvens-768x45.jpg 768w, https:\/\/www.alsane.es\/frusema\/wp-content\/uploads\/2024\/08\/Subvens-1536x91.jpg 1536w\" sizes=\"auto, (max-width: 1627px) 100vw, 1627px\" \/><\/figure>\n\n\n\n<p><\/p>\n","protected":false},"excerpt":{"rendered":"<p>Empresa Somos una empresa familiar especializada en el tratamiento de la almendra. Nuestra misi\u00f3n FRUTOS SECOS DEL MAESTRAZGO, S.A. es una empresa familiar situada en Alboc\u00e0sser, provincia de Castell\u00f3n. Nuestra misi\u00f3n es producir y comercializar almendras de la m\u00e1s alta calidad, manteniendo un firme compromiso con la sostenibilidad y la innovaci\u00f3n. Aspiramos a convertirnos en [&hellip;]<\/p>\n","protected":false},"author":1,"featured_media":0,"parent":0,"menu_order":0,"comment_status":"closed","ping_status":"closed","template":"","meta":{"_uag_custom_page_level_css":"","site-sidebar-layout":"no-sidebar","site-content-layout":"page-builder","ast-site-content-layout":"full-width-container","site-content-style":"unboxed","site-sidebar-style":"default","ast-global-header-display":"","ast-banner-title-visibility":"","ast-main-header-display":"","ast-hfb-above-header-display":"","ast-hfb-below-header-display":"","ast-hfb-mobile-header-display":"","site-post-title":"disabled","ast-breadcrumbs-content":"","ast-featured-img":"disabled","footer-sml-layout":"","theme-transparent-header-meta":"enabled","adv-header-id-meta":"","stick-header-meta":"","header-above-stick-meta":"","header-main-stick-meta":"","header-below-stick-meta":"","astra-migrate-meta-layouts":"set","ast-page-background-enabled":"default","ast-page-background-meta":{"desktop":{"background-color":"var(--ast-global-color-4)","background-image":"","background-repeat":"repeat","background-position":"center center","background-size":"auto","background-attachment":"scroll","background-type":"","background-media":"","overlay-type":"","overlay-color":"","overlay-opacity":"","overlay-gradient":""},"tablet":{"background-color":"","background-image":"","background-repeat":"repeat","background-position":"center center","background-size":"auto","background-attachment":"scroll","background-type":"","background-media":"","overlay-type":"","overlay-color":"","overlay-opacity":"","overlay-gradient":""},"mobile":{"background-color":"","background-image":"","background-repeat":"repeat","background-position":"center center","background-size":"auto","background-attachment":"scroll","background-type":"","background-media":"","overlay-type":"","overlay-color":"","overlay-opacity":"","overlay-gradient":""}},"ast-content-background-meta":{"desktop":{"background-color":"var(--ast-global-color-5)","background-image":"","background-repeat":"repeat","background-position":"center center","background-size":"auto","background-attachment":"scroll","background-type":"","background-media":"","overlay-type":"","overlay-color":"","overlay-opacity":"","overlay-gradient":""},"tablet":{"background-color":"var(--ast-global-color-5)","background-image":"","background-repeat":"repeat","background-position":"center center","background-size":"auto","background-attachment":"scroll","background-type":"","background-media":"","overlay-type":"","overlay-color":"","overlay-opacity":"","overlay-gradient":""},"mobile":{"background-color":"var(--ast-global-color-5)","background-image":"","background-repeat":"repeat","background-position":"center center","background-size":"auto","background-attachment":"scroll","background-type":"","background-media":"","overlay-type":"","overlay-color":"","overlay-opacity":"","overlay-gradient":""}},"footnotes":""},"class_list":["post-1324","page","type-page","status-publish","hentry"],"uagb_featured_image_src":{"full":false,"thumbnail":false,"medium":false,"medium_large":false,"large":false,"1536x1536":false,"2048x2048":false},"uagb_author_info":{"display_name":"administrador","author_link":"https:\/\/www.alsane.es\/frusema\/author\/administrador\/"},"uagb_comment_info":0,"uagb_excerpt":"Empresa Somos una empresa familiar especializada en el tratamiento de la almendra. Nuestra misi\u00f3n FRUTOS SECOS DEL MAESTRAZGO, S.A. es una empresa familiar situada en Alboc\u00e0sser, provincia de Castell\u00f3n. Nuestra misi\u00f3n es producir y comercializar almendras de la m\u00e1s alta calidad, manteniendo un firme compromiso con la sostenibilidad y la innovaci\u00f3n. Aspiramos a convertirnos en&hellip;","_links":{"self":[{"href":"https:\/\/www.alsane.es\/frusema\/wp-json\/wp\/v2\/pages\/1324","targetHints":{"allow":["GET"]}}],"collection":[{"href":"https:\/\/www.alsane.es\/frusema\/wp-json\/wp\/v2\/pages"}],"about":[{"href":"https:\/\/www.alsane.es\/frusema\/wp-json\/wp\/v2\/types\/page"}],"author":[{"embeddable":true,"href":"https:\/\/www.alsane.es\/frusema\/wp-json\/wp\/v2\/users\/1"}],"replies":[{"embeddable":true,"href":"https:\/\/www.alsane.es\/frusema\/wp-json\/wp\/v2\/comments?post=1324"}],"version-history":[{"count":33,"href":"https:\/\/www.alsane.es\/frusema\/wp-json\/wp\/v2\/pages\/1324\/revisions"}],"predecessor-version":[{"id":2555,"href":"https:\/\/www.alsane.es\/frusema\/wp-json\/wp\/v2\/pages\/1324\/revisions\/2555"}],"wp:attachment":[{"href":"https:\/\/www.alsane.es\/frusema\/wp-json\/wp\/v2\/media?parent=1324"}],"curies":[{"name":"wp","href":"https:\/\/api.w.org\/{rel}","templated":true}]}}