{"id":2308,"date":"2024-07-26T11:59:12","date_gmt":"2024-07-26T11:59:12","guid":{"rendered":"https:\/\/www.alsane.es\/frusema\/?page_id=2308"},"modified":"2024-11-13T18:48:54","modified_gmt":"2024-11-13T18:48:54","slug":"almendras-mayoristas","status":"publish","type":"page","link":"https:\/\/www.alsane.es\/frusema\/almendras-mayoristas\/","title":{"rendered":"Almendras Mayoristas"},"content":{"rendered":"\n<div class=\"wp-block-uagb-container uagb-block-jgu3k9xr alignfull uagb-is-root-container\"><div class=\"uagb-container-inner-blocks-wrap\">\n<div class=\"wp-block-uagb-info-box uagb-block-c35d8tcz uagb-infobox__content-wrap  uagb-infobox-icon-above-title uagb-infobox-image-valign-top\"><div class=\"uagb-ifb-content\"><div class=\"uagb-ifb-title-wrap\"><h1 class=\"uagb-ifb-title\">Almendras Mayoristas<\/h1><\/div><\/div><\/div>\n<\/div><\/div>\n\n\n\n<p><\/p>\n\n\n\n<hr class=\"wp-block-separator has-alpha-channel-opacity\"\/>\n\n\n\n<div class=\"wp-block-uagb-container uagb-block-1113a429 alignfull uagb-is-root-container\"><div class=\"uagb-container-inner-blocks-wrap\">\n<div class=\"wp-block-group is-layout-constrained wp-block-group-is-layout-constrained\">\n<div class=\"wp-block-columns is-layout-flex wp-container-core-columns-is-layout-28f84493 wp-block-columns-is-layout-flex\">\n<div class=\"wp-block-column is-layout-flow wp-block-column-is-layout-flow\" style=\"flex-basis:100%\">\n<header class=\"wp-block-uagb-advanced-heading uagb-block-311eeee9\"><h2 class=\"uagb-heading-text\">Almendras convencionales<\/h2><\/header>\n<\/div>\n<\/div>\n<\/div>\n<\/div><\/div>\n\n\n\n<p class=\"has-text-align-center\" style=\"font-size:26px\"><\/p>\n\n\n\n<div class=\"wp-block-uagb-container uagb-block-1mdlrmgw alignfull uagb-is-root-container\"><div class=\"uagb-container-inner-blocks-wrap\">\n<div class=\"wp-block-uagb-image uagb-block-69540667 wp-block-uagb-image--layout-default wp-block-uagb-image--effect-static wp-block-uagb-image--align-none\"><figure class=\"wp-block-uagb-image__figure\"><img decoding=\"async\" srcset=\"https:\/\/www.alsane.es\/frusema\/wp-content\/uploads\/2024\/07\/pell.png ,https:\/\/www.alsane.es\/frusema\/wp-content\/uploads\/2024\/07\/pell.png 780w, https:\/\/www.alsane.es\/frusema\/wp-content\/uploads\/2024\/07\/pell.png 360w\" sizes=\"auto, (max-width: 480px) 150px\" src=\"https:\/\/www.alsane.es\/frusema\/wp-content\/uploads\/2024\/07\/pell.png\" alt=\"\" class=\"uag-image-2328\" width=\"584\" height=\"387\" title=\"pell\" loading=\"lazy\" role=\"img\"\/><\/figure><\/div>\n\n\n\n<div class=\"wp-block-uagb-container uagb-block-vmz8ckrs\">\n<div class=\"wp-block-uagb-info-box uagb-block-vqlxezwl uagb-infobox__content-wrap  uagb-infobox-icon-above-title uagb-infobox-image-valign-top\"><div class=\"uagb-ifb-content\"><div class=\"uagb-ifb-title-wrap\"><h2 class=\"uagb-ifb-title\"><strong>Almendra Piel<\/strong><\/h2><\/div><p class=\"uagb-ifb-desc\">Trabajamos con diferentes modelos de almendras con piel: Marcona, Guara, Largueta, Soleta, Vairo, Lauranne, Comuna y otras variedades de floraci\u00f3n tard\u00eda<br><br>En el tema de los calibres nos adaptamos a todo tipo de clientes, pero los que solemos utilizar son : s\/16, s\/14, 12\/14, b\/12<br>Envases: Big Bags: 1000kg<br>Sacos : 25 kg <br><img loading=\"lazy\" decoding=\"async\" width=\"350\" height=\"97\" class=\"wp-image-2476\" style=\"width: 350px;\" src=\"https:\/\/www.alsane.es\/frusema\/wp-content\/uploads\/2024\/09\/Packaging-Info-frusema.png\" alt=\"\" srcset=\"https:\/\/www.alsane.es\/frusema\/wp-content\/uploads\/2024\/09\/Packaging-Info-frusema.png 3402w, https:\/\/www.alsane.es\/frusema\/wp-content\/uploads\/2024\/09\/Packaging-Info-frusema-300x83.png 300w, https:\/\/www.alsane.es\/frusema\/wp-content\/uploads\/2024\/09\/Packaging-Info-frusema-1024x284.png 1024w, https:\/\/www.alsane.es\/frusema\/wp-content\/uploads\/2024\/09\/Packaging-Info-frusema-768x213.png 768w, https:\/\/www.alsane.es\/frusema\/wp-content\/uploads\/2024\/09\/Packaging-Info-frusema-1536x426.png 1536w, https:\/\/www.alsane.es\/frusema\/wp-content\/uploads\/2024\/09\/Packaging-Info-frusema-2048x568.png 2048w\" sizes=\"auto, (max-width: 350px) 100vw, 350px\" \/><\/p><\/div><\/div>\n<\/div>\n<\/div><\/div>\n\n\n\n<div class=\"wp-block-uagb-container uagb-block-my70lpow alignfull uagb-is-root-container\"><div class=\"uagb-container-inner-blocks-wrap\">\n<div class=\"wp-block-uagb-image uagb-block-45050e15 wp-block-uagb-image--layout-default wp-block-uagb-image--effect-static wp-block-uagb-image--align-none\"><figure class=\"wp-block-uagb-image__figure\"><img decoding=\"async\" srcset=\"https:\/\/www.alsane.es\/frusema\/wp-content\/uploads\/2024\/09\/814AeEbYrIL.jpg ,https:\/\/www.alsane.es\/frusema\/wp-content\/uploads\/2024\/09\/814AeEbYrIL.jpg 780w, https:\/\/www.alsane.es\/frusema\/wp-content\/uploads\/2024\/09\/814AeEbYrIL.jpg 360w\" sizes=\"auto, (max-width: 480px) 150px\" src=\"https:\/\/www.alsane.es\/frusema\/wp-content\/uploads\/2024\/09\/814AeEbYrIL.jpg\" alt=\"\" class=\"uag-image-2483\" width=\"584\" height=\"387\" title=\"Version 1.0.0\" loading=\"lazy\" role=\"img\"\/><\/figure><\/div>\n\n\n\n<div class=\"wp-block-uagb-container uagb-block-vsmsshdk\">\n<div class=\"wp-block-uagb-info-box uagb-block-gxthvbwo uagb-infobox__content-wrap  uagb-infobox-icon-above-title uagb-infobox-image-valign-top\"><div class=\"uagb-ifb-content\"><div class=\"uagb-ifb-title-wrap\"><h2 class=\"uagb-ifb-title\"><strong>Almendra industrializada<\/strong><\/h2><\/div><p class=\"uagb-ifb-desc\">Trabajamos con diferentes modelos de almendras industrializadas: Harina de almendra, harina de almendra marcona, Palitos, Cubitos, l\u00e1minas, Medias de almendra, Medias de almendra marcona, Medias y trozos (en piel y repelados)<br>Envases: Caja de 10 kg (Harina de almendra, harina de almendra marcona, Palitos, Cubitos, l\u00e1minas)<br>big bags 1000 kg y sacos 25kg (medias y trozos)<br><img loading=\"lazy\" decoding=\"async\" width=\"350\" height=\"97\" class=\"wp-image-2476\" style=\"width: 350px;\" src=\"https:\/\/www.alsane.es\/frusema\/wp-content\/uploads\/2024\/09\/Packaging-Info-frusema.png\" alt=\"\" srcset=\"https:\/\/www.alsane.es\/frusema\/wp-content\/uploads\/2024\/09\/Packaging-Info-frusema.png 3402w, https:\/\/www.alsane.es\/frusema\/wp-content\/uploads\/2024\/09\/Packaging-Info-frusema-300x83.png 300w, https:\/\/www.alsane.es\/frusema\/wp-content\/uploads\/2024\/09\/Packaging-Info-frusema-1024x284.png 1024w, https:\/\/www.alsane.es\/frusema\/wp-content\/uploads\/2024\/09\/Packaging-Info-frusema-768x213.png 768w, https:\/\/www.alsane.es\/frusema\/wp-content\/uploads\/2024\/09\/Packaging-Info-frusema-1536x426.png 1536w, https:\/\/www.alsane.es\/frusema\/wp-content\/uploads\/2024\/09\/Packaging-Info-frusema-2048x568.png 2048w\" sizes=\"auto, (max-width: 350px) 100vw, 350px\" \/><br><br><\/p><\/div><\/div>\n<\/div>\n<\/div><\/div>\n\n\n\n<div class=\"wp-block-uagb-container uagb-block-vx1nrl2l alignfull uagb-is-root-container\"><div class=\"uagb-container-inner-blocks-wrap\">\n<div class=\"wp-block-uagb-image uagb-block-6579b5f6 wp-block-uagb-image--layout-default wp-block-uagb-image--effect-static wp-block-uagb-image--align-none\"><figure class=\"wp-block-uagb-image__figure\"><img decoding=\"async\" srcset=\"https:\/\/www.alsane.es\/frusema\/wp-content\/uploads\/2024\/07\/repelada.png ,https:\/\/www.alsane.es\/frusema\/wp-content\/uploads\/2024\/07\/repelada.png 780w, https:\/\/www.alsane.es\/frusema\/wp-content\/uploads\/2024\/07\/repelada.png 360w\" sizes=\"auto, (max-width: 480px) 150px\" src=\"https:\/\/www.alsane.es\/frusema\/wp-content\/uploads\/2024\/07\/repelada.png\" alt=\"\" class=\"uag-image-2331\" width=\"584\" height=\"387\" title=\"repelada\" loading=\"lazy\" role=\"img\"\/><\/figure><\/div>\n\n\n\n<div class=\"wp-block-uagb-container uagb-block-rvp8oowe\">\n<div class=\"wp-block-uagb-info-box uagb-block-o3l6c7ko uagb-infobox__content-wrap  uagb-infobox-icon-above-title uagb-infobox-image-valign-top\"><div class=\"uagb-ifb-content\"><div class=\"uagb-ifb-title-wrap\"><h2 class=\"uagb-ifb-title\"><strong>Almendra Repelada<\/strong><\/h2><\/div><p class=\"uagb-ifb-desc\">Trabajamos con diferentes modelos de almendras repeladas: Marcona, Guara, Vairo, Comuna<br>En el tema de los calibres nos adaptamos a todo tipo de clientes, pero los que solemos utilizar son : s\/16, s\/14, 12\/14, b\/12<br>Envases: Big Bags: 1000kg<br>Sacos : 25 kg<br><img loading=\"lazy\" decoding=\"async\" width=\"350\" height=\"97\" class=\"wp-image-2476\" style=\"width: 350px;\" src=\"https:\/\/www.alsane.es\/frusema\/wp-content\/uploads\/2024\/09\/Packaging-Info-frusema.png\" alt=\"\" srcset=\"https:\/\/www.alsane.es\/frusema\/wp-content\/uploads\/2024\/09\/Packaging-Info-frusema.png 3402w, https:\/\/www.alsane.es\/frusema\/wp-content\/uploads\/2024\/09\/Packaging-Info-frusema-300x83.png 300w, https:\/\/www.alsane.es\/frusema\/wp-content\/uploads\/2024\/09\/Packaging-Info-frusema-1024x284.png 1024w, https:\/\/www.alsane.es\/frusema\/wp-content\/uploads\/2024\/09\/Packaging-Info-frusema-768x213.png 768w, https:\/\/www.alsane.es\/frusema\/wp-content\/uploads\/2024\/09\/Packaging-Info-frusema-1536x426.png 1536w, https:\/\/www.alsane.es\/frusema\/wp-content\/uploads\/2024\/09\/Packaging-Info-frusema-2048x568.png 2048w\" sizes=\"auto, (max-width: 350px) 100vw, 350px\" \/><\/p><\/div><\/div>\n<\/div>\n<\/div><\/div>\n\n\n\n<div class=\"wp-block-uagb-container uagb-block-trzc3oex alignfull uagb-is-root-container\"><div class=\"uagb-container-inner-blocks-wrap\">\n<figure class=\"wp-block-image aligncenter size-full is-resized\"><img loading=\"lazy\" decoding=\"async\" width=\"683\" height=\"800\" src=\"https:\/\/www.alsane.es\/frusema\/wp-content\/uploads\/2024\/07\/almendra-cruda-con-piel-soleta.jpg\" alt=\"\" class=\"wp-image-2314\" style=\"object-fit:cover;width:584px;height:387px\" srcset=\"https:\/\/www.alsane.es\/frusema\/wp-content\/uploads\/2024\/07\/almendra-cruda-con-piel-soleta.jpg 683w, https:\/\/www.alsane.es\/frusema\/wp-content\/uploads\/2024\/07\/almendra-cruda-con-piel-soleta-256x300.jpg 256w\" sizes=\"auto, (max-width: 683px) 100vw, 683px\" \/><\/figure>\n\n\n\n<div class=\"wp-block-uagb-container uagb-block-lhdvzn9l\">\n<div class=\"wp-block-columns is-layout-flex wp-container-core-columns-is-layout-28f84493 wp-block-columns-is-layout-flex\">\n<div class=\"wp-block-column is-layout-flow wp-block-column-is-layout-flow\" style=\"flex-basis:100%\">\n<div class=\"wp-block-uagb-info-box uagb-block-ohio9spp uagb-infobox__content-wrap  uagb-infobox-icon-above-title uagb-infobox-image-valign-top\"><div class=\"uagb-ifb-content\"><div class=\"uagb-ifb-title-wrap\"><h2 class=\"uagb-ifb-title\"><strong>Almendra Ecol\u00f3gica<\/strong><\/h2><\/div><p class=\"uagb-ifb-desc\"><strong>Almendras Ecol\u00f3gicas de Calidad Superior<\/strong><br>Cultivadas con respeto hacia la naturaleza, nuestras almendras ecol\u00f3gicas provienen de campos donde se prioriza la biodiversidad y el equilibrio natural. Sin el uso de pesticidas ni fertilizantes sint\u00e9ticos, estas almendras ofrecen una opci\u00f3n m\u00e1s saludable y sostenible.<br>Envases:<br>Big Bags: 1000kg<br>Sacos : 25 kg<br><img loading=\"lazy\" decoding=\"async\" width=\"350\" height=\"97\" class=\"wp-image-2476\" style=\"width: 350px;\" src=\"https:\/\/www.alsane.es\/frusema\/wp-content\/uploads\/2024\/09\/Packaging-Info-frusema.png\" alt=\"\" srcset=\"https:\/\/www.alsane.es\/frusema\/wp-content\/uploads\/2024\/09\/Packaging-Info-frusema.png 3402w, https:\/\/www.alsane.es\/frusema\/wp-content\/uploads\/2024\/09\/Packaging-Info-frusema-300x83.png 300w, https:\/\/www.alsane.es\/frusema\/wp-content\/uploads\/2024\/09\/Packaging-Info-frusema-1024x284.png 1024w, https:\/\/www.alsane.es\/frusema\/wp-content\/uploads\/2024\/09\/Packaging-Info-frusema-768x213.png 768w, https:\/\/www.alsane.es\/frusema\/wp-content\/uploads\/2024\/09\/Packaging-Info-frusema-1536x426.png 1536w, https:\/\/www.alsane.es\/frusema\/wp-content\/uploads\/2024\/09\/Packaging-Info-frusema-2048x568.png 2048w\" sizes=\"auto, (max-width: 350px) 100vw, 350px\" \/><br><img loading=\"lazy\" decoding=\"async\" width=\"182\" height=\"122\" class=\"wp-image-2544\" style=\"width: 182px;\" src=\"https:\/\/www.alsane.es\/frusema\/wp-content\/uploads\/2024\/11\/ECO.jpg\" alt=\"\" srcset=\"https:\/\/www.alsane.es\/frusema\/wp-content\/uploads\/2024\/11\/ECO.jpg 1000w, https:\/\/www.alsane.es\/frusema\/wp-content\/uploads\/2024\/11\/ECO-300x201.jpg 300w, https:\/\/www.alsane.es\/frusema\/wp-content\/uploads\/2024\/11\/ECO-768x515.jpg 768w\" sizes=\"auto, (max-width: 182px) 100vw, 182px\" \/><img loading=\"lazy\" decoding=\"async\" width=\"100\" height=\"165\" class=\"wp-image-2546\" style=\"width: 100px;\" src=\"https:\/\/www.alsane.es\/frusema\/wp-content\/uploads\/2024\/11\/CAECV-Sello-CertificacionRGB3-485x800-2.png\" alt=\"\" srcset=\"https:\/\/www.alsane.es\/frusema\/wp-content\/uploads\/2024\/11\/CAECV-Sello-CertificacionRGB3-485x800-2.png 485w, https:\/\/www.alsane.es\/frusema\/wp-content\/uploads\/2024\/11\/CAECV-Sello-CertificacionRGB3-485x800-2-182x300.png 182w\" sizes=\"auto, (max-width: 100px) 100vw, 100px\" \/><\/p><\/div><\/div>\n<\/div>\n<\/div>\n<\/div>\n<\/div><\/div>\n\n\n\n<p><\/p>\n","protected":false},"excerpt":{"rendered":"<p>Almendras convencionales<\/p>\n","protected":false},"author":1,"featured_media":0,"parent":0,"menu_order":0,"comment_status":"closed","ping_status":"closed","template":"","meta":{"_uag_custom_page_level_css":"","site-sidebar-layout":"no-sidebar","site-content-layout":"","ast-site-content-layout":"full-width-container","site-content-style":"default","site-sidebar-style":"default","ast-global-header-display":"","ast-banner-title-visibility":"","ast-main-header-display":"","ast-hfb-above-header-display":"","ast-hfb-below-header-display":"","ast-hfb-mobile-header-display":"","site-post-title":"disabled","ast-breadcrumbs-content":"","ast-featured-img":"","footer-sml-layout":"","theme-transparent-header-meta":"","adv-header-id-meta":"","stick-header-meta":"","header-above-stick-meta":"","header-main-stick-meta":"","header-below-stick-meta":"","astra-migrate-meta-layouts":"set","ast-page-background-enabled":"default","ast-page-background-meta":{"desktop":{"background-color":"var(--ast-global-color-4)","background-image":"","background-repeat":"repeat","background-position":"center center","background-size":"auto","background-attachment":"scroll","background-type":"","background-media":"","overlay-type":"","overlay-color":"","overlay-opacity":"","overlay-gradient":""},"tablet":{"background-color":"","background-image":"","background-repeat":"repeat","background-position":"center center","background-size":"auto","background-attachment":"scroll","background-type":"","background-media":"","overlay-type":"","overlay-color":"","overlay-opacity":"","overlay-gradient":""},"mobile":{"background-color":"","background-image":"","background-repeat":"repeat","background-position":"center center","background-size":"auto","background-attachment":"scroll","background-type":"","background-media":"","overlay-type":"","overlay-color":"","overlay-opacity":"","overlay-gradient":""}},"ast-content-background-meta":{"desktop":{"background-color":"var(--ast-global-color-5)","background-image":"","background-repeat":"repeat","background-position":"center center","background-size":"auto","background-attachment":"scroll","background-type":"","background-media":"","overlay-type":"","overlay-color":"","overlay-opacity":"","overlay-gradient":""},"tablet":{"background-color":"var(--ast-global-color-5)","background-image":"","background-repeat":"repeat","background-position":"center center","background-size":"auto","background-attachment":"scroll","background-type":"","background-media":"","overlay-type":"","overlay-color":"","overlay-opacity":"","overlay-gradient":""},"mobile":{"background-color":"var(--ast-global-color-5)","background-image":"","background-repeat":"repeat","background-position":"center center","background-size":"auto","background-attachment":"scroll","background-type":"","background-media":"","overlay-type":"","overlay-color":"","overlay-opacity":"","overlay-gradient":""}},"footnotes":""},"class_list":["post-2308","page","type-page","status-publish","hentry"],"uagb_featured_image_src":{"full":false,"thumbnail":false,"medium":false,"medium_large":false,"large":false,"1536x1536":false,"2048x2048":false},"uagb_author_info":{"display_name":"administrador","author_link":"https:\/\/www.alsane.es\/frusema\/author\/administrador\/"},"uagb_comment_info":0,"uagb_excerpt":"Almendras convencionales","_links":{"self":[{"href":"https:\/\/www.alsane.es\/frusema\/wp-json\/wp\/v2\/pages\/2308","targetHints":{"allow":["GET"]}}],"collection":[{"href":"https:\/\/www.alsane.es\/frusema\/wp-json\/wp\/v2\/pages"}],"about":[{"href":"https:\/\/www.alsane.es\/frusema\/wp-json\/wp\/v2\/types\/page"}],"author":[{"embeddable":true,"href":"https:\/\/www.alsane.es\/frusema\/wp-json\/wp\/v2\/users\/1"}],"replies":[{"embeddable":true,"href":"https:\/\/www.alsane.es\/frusema\/wp-json\/wp\/v2\/comments?post=2308"}],"version-history":[{"count":31,"href":"https:\/\/www.alsane.es\/frusema\/wp-json\/wp\/v2\/pages\/2308\/revisions"}],"predecessor-version":[{"id":2560,"href":"https:\/\/www.alsane.es\/frusema\/wp-json\/wp\/v2\/pages\/2308\/revisions\/2560"}],"wp:attachment":[{"href":"https:\/\/www.alsane.es\/frusema\/wp-json\/wp\/v2\/media?parent=2308"}],"curies":[{"name":"wp","href":"https:\/\/api.w.org\/{rel}","templated":true}]}}